{"id":39933,"date":"2023-11-02T14:49:17","date_gmt":"2023-11-02T14:49:17","guid":{"rendered":"https:\/\/c-profil.se\/?page_id=39933"},"modified":"2026-03-27T13:20:13","modified_gmt":"2026-03-27T12:20:13","slug":"cabinets","status":"publish","type":"page","link":"https:\/\/c-profil.se\/english\/apparatskap\/","title":{"rendered":"Cabinets"},"content":{"rendered":"\t\t<div data-elementor-type=\"wp-page\" data-elementor-id=\"39933\" class=\"elementor elementor-39933\" data-elementor-post-type=\"page\">\n\t\t\t\t<div class=\"elementor-element elementor-element-3108846 e-con-full cpro-hero-wrap e-flex e-con e-parent\" data-id=\"3108846\" data-element_type=\"container\" data-e-type=\"container\">\n\t\t<div class=\"elementor-element elementor-element-1fcd4ba e-con-full cpro-hero-inner e-flex e-con e-child\" data-id=\"1fcd4ba\" data-element_type=\"container\" data-e-type=\"container\">\n\t\t<div class=\"elementor-element elementor-element-3c036e4 e-con-full cpro-hero-lcp e-flex e-con e-child\" data-id=\"3c036e4\" data-element_type=\"container\" data-e-type=\"container\">\n\t\t\t\t<div class=\"elementor-element elementor-element-45099af elementor-widget-mobile__width-initial elementor-widget elementor-widget-heading\" data-id=\"45099af\" data-element_type=\"widget\" data-e-type=\"widget\" data-widget_type=\"heading.default\">\n\t\t\t\t\t<h1 class=\"elementor-heading-title elementor-size-default\">Apparatsk\u00e5p &amp; kapslingar<br>\n<span class=\"h1-sub\">elsk\u00e5p och styrsk\u00e5p f\u00f6r industriella installationer<\/span>\n<\/h1>\t\t\t\t<\/div>\n\t\t\t\t<\/div>\n\t\t<div class=\"elementor-element elementor-element-70829ad e-con-full cpro-hero-content e-flex e-con e-child\" data-id=\"70829ad\" data-element_type=\"container\" data-e-type=\"container\">\n\t\t\t\t<div class=\"elementor-element elementor-element-7acfaf7 elementor-widget elementor-widget-text-editor\" data-id=\"7acfaf7\" data-element_type=\"widget\" data-e-type=\"widget\" data-widget_type=\"text-editor.default\">\n\t\t\t\t\t\t\t\t\t<p>Apparatsk\u00e5p (elsk\u00e5p och styrsk\u00e5p) anv\u00e4nds f\u00f6r att skydda och organisera el- och automationsutrustning i industriella installationer. <br \/>Val av apparatsk\u00e5p och industrisk\u00e5p p\u00e5verkas av milj\u00f6, kapslingsklass, materialkrav samt hur utrustningen ska monteras och servas.<\/p>\t\t\t\t\t\t\t\t<\/div>\n\t\t\t\t<\/div>\n\t\t\t\t<\/div>\n\t\t\t\t<\/div>\n\t\t<div class=\"elementor-element elementor-element-8e0c59c e-con-full e-flex e-con e-parent\" data-id=\"8e0c59c\" data-element_type=\"container\" data-e-type=\"container\">\n\t\t<div class=\"elementor-element elementor-element-796fd9c e-con-full e-flex e-con e-child\" data-id=\"796fd9c\" data-element_type=\"container\" data-e-type=\"container\">\n\t\t\t\t<div class=\"elementor-element elementor-element-809cc8b elementor-widget elementor-widget-heading\" data-id=\"809cc8b\" data-element_type=\"widget\" data-e-type=\"widget\" data-widget_type=\"heading.default\">\n\t\t\t\t\t<h2 class=\"elementor-heading-title elementor-size-default\">Utforska v\u00e5rt sortiment av apparatsk\u00e5p och kapslingar<\/h2>\t\t\t\t<\/div>\n\t\t<div class=\"elementor-element elementor-element-98e830b e-grid e-con-full e-con e-child\" data-id=\"98e830b\" data-element_type=\"container\" data-e-type=\"container\">\n\t\t<div class=\"elementor-element elementor-element-e85b22c e-con-full e-flex e-con e-child\" data-id=\"e85b22c\" data-element_type=\"container\" data-e-type=\"container\" data-settings=\"{&quot;background_background&quot;:&quot;classic&quot;}\">\n\t\t<div class=\"elementor-element elementor-element-98baac9 e-con-full e-flex e-con e-child\" data-id=\"98baac9\" data-element_type=\"container\" data-e-type=\"container\">\n\t\t\t\t<div class=\"elementor-element elementor-element-fe02e8b elementor-widget elementor-widget-image\" data-id=\"fe02e8b\" data-element_type=\"widget\" data-e-type=\"widget\" fetchpriority=\"\" data-widget_type=\"image.default\">\n\t\t\t\t\t\t\t\t\t\t\t\t\t\t\t\t<a href=\"https:\/\/c-profil.se\/english\/produkt-kategori\/apparatskap-plat\/\">\n\t\t\t\t\t\t\t<img fetchpriority=\"high\" decoding=\"async\" width=\"768\" height=\"768\" src=\"https:\/\/c-profil.se\/wp-content\/uploads\/2024\/08\/Apparatskap-Kapslingar-i-Plat-768x768.jpg\" class=\"attachment-medium_large size-medium_large wp-image-45366\" alt=\"Apparatsk\u00e5p i pl\u00e5t f\u00f6r industriell automation\" srcset=\"https:\/\/c-profil.se\/wp-content\/uploads\/2024\/08\/Apparatskap-Kapslingar-i-Plat-768x768.jpg 768w, https:\/\/c-profil.se\/wp-content\/uploads\/2024\/08\/Apparatskap-Kapslingar-i-Plat-150x150.jpg 150w, https:\/\/c-profil.se\/wp-content\/uploads\/2024\/08\/Apparatskap-Kapslingar-i-Plat-300x300.jpg 300w, https:\/\/c-profil.se\/wp-content\/uploads\/2024\/08\/Apparatskap-Kapslingar-i-Plat-12x12.jpg 12w, https:\/\/c-profil.se\/wp-content\/uploads\/2024\/08\/elementor\/thumbs\/Apparatskap-Kapslingar-i-Plat-qsjhe2ya2cfm2gzjp205s6unxmgpalbnve9ojoycnc.jpg 500w, https:\/\/c-profil.se\/wp-content\/uploads\/2024\/08\/Apparatskap-Kapslingar-i-Plat-400x400.jpg 400w, https:\/\/c-profil.se\/wp-content\/uploads\/2024\/08\/Apparatskap-Kapslingar-i-Plat-100x100.jpg 100w, https:\/\/c-profil.se\/wp-content\/uploads\/2024\/08\/Apparatskap-Kapslingar-i-Plat-64x64.jpg 64w, https:\/\/c-profil.se\/wp-content\/uploads\/2024\/08\/Apparatskap-Kapslingar-i-Plat.jpg 1000w\" sizes=\"(max-width: 768px) 100vw, 768px\" \/>\t\t\t\t\t\t\t\t<\/a>\n\t\t\t\t\t\t\t\t\t\t\t\t\t\t\t<\/div>\n\t\t<div class=\"elementor-element elementor-element-b7e8e84 e-con-full e-flex e-con e-child\" data-id=\"b7e8e84\" data-element_type=\"container\" data-e-type=\"container\">\n\t\t\t\t<div class=\"elementor-element elementor-element-82a12a8 elementor-widget elementor-widget-heading\" data-id=\"82a12a8\" data-element_type=\"widget\" data-e-type=\"widget\" data-widget_type=\"heading.default\">\n\t\t\t\t\t<h3 class=\"elementor-heading-title elementor-size-default\"><a href=\"https:\/\/c-profil.se\/english\/produkt-kategori\/apparatskap-plat\/\">Apparatsk\u00e5p Pl\u00e5t\n<\/a><\/h3>\t\t\t\t<\/div>\n\t\t\t\t<div class=\"elementor-element elementor-element-3c6f690 elementor-widget elementor-widget-heading\" data-id=\"3c6f690\" data-element_type=\"widget\" data-e-type=\"widget\" data-widget_type=\"heading.default\">\n\t\t\t\t\t<p class=\"elementor-heading-title elementor-size-default\">Golvsk\u00e5p &amp; V\u00e4ggsk\u00e5p<\/p>\t\t\t\t<\/div>\n\t\t\t\t<div class=\"elementor-element elementor-element-7685367 elementor-widget elementor-widget-text-editor\" data-id=\"7685367\" data-element_type=\"widget\" data-e-type=\"widget\" data-widget_type=\"text-editor.default\">\n\t\t\t\t\t\t\t\t\t<p>Standardsortiment av apparatsk\u00e5p i lackerad st\u00e5lpl\u00e5t (RAL 7035) med h\u00f6g IP-klass.<\/p>\t\t\t\t\t\t\t\t<\/div>\n\t\t\t\t<\/div>\n\t\t\t\t<\/div>\n\t\t\t\t<\/div>\n\t\t<div class=\"elementor-element elementor-element-c72adeb e-con-full e-flex e-con e-child\" data-id=\"c72adeb\" data-element_type=\"container\" data-e-type=\"container\" data-settings=\"{&quot;background_background&quot;:&quot;classic&quot;}\">\n\t\t<div class=\"elementor-element elementor-element-85e21ff e-con-full e-flex e-con e-child\" data-id=\"85e21ff\" data-element_type=\"container\" data-e-type=\"container\">\n\t\t\t\t<div class=\"elementor-element elementor-element-56b00a2 elementor-widget elementor-widget-image\" data-id=\"56b00a2\" data-element_type=\"widget\" data-e-type=\"widget\" fetchpriority=\"\" data-widget_type=\"image.default\">\n\t\t\t\t\t\t\t\t\t\t\t\t\t\t\t\t<a href=\"https:\/\/c-profil.se\/english\/produkt-kategori\/apparatskap-rostfritt\/\">\n\t\t\t\t\t\t\t<img decoding=\"async\" width=\"768\" height=\"768\" src=\"https:\/\/c-profil.se\/wp-content\/uploads\/2024\/08\/Apparatskap-och-Kapslingar-i-Rostfritt-768x768.jpg\" class=\"attachment-medium_large size-medium_large wp-image-45370\" alt=\"Apparatsk\u00e5p i rostfritt st\u00e5l f\u00f6r kr\u00e4vande industrimilj\u00f6er\" srcset=\"https:\/\/c-profil.se\/wp-content\/uploads\/2024\/08\/Apparatskap-och-Kapslingar-i-Rostfritt-768x768.jpg 768w, https:\/\/c-profil.se\/wp-content\/uploads\/2024\/08\/Apparatskap-och-Kapslingar-i-Rostfritt-150x150.jpg 150w, https:\/\/c-profil.se\/wp-content\/uploads\/2024\/08\/Apparatskap-och-Kapslingar-i-Rostfritt-300x300.jpg 300w, https:\/\/c-profil.se\/wp-content\/uploads\/2024\/08\/Apparatskap-och-Kapslingar-i-Rostfritt-12x12.jpg 12w, https:\/\/c-profil.se\/wp-content\/uploads\/2024\/08\/Apparatskap-och-Kapslingar-i-Rostfritt-500x500.jpg 500w, https:\/\/c-profil.se\/wp-content\/uploads\/2024\/08\/Apparatskap-och-Kapslingar-i-Rostfritt-400x400.jpg 400w, https:\/\/c-profil.se\/wp-content\/uploads\/2024\/08\/Apparatskap-och-Kapslingar-i-Rostfritt-100x100.jpg 100w, https:\/\/c-profil.se\/wp-content\/uploads\/2024\/08\/Apparatskap-och-Kapslingar-i-Rostfritt-64x64.jpg 64w, https:\/\/c-profil.se\/wp-content\/uploads\/2024\/08\/Apparatskap-och-Kapslingar-i-Rostfritt.jpg 1000w\" sizes=\"(max-width: 768px) 100vw, 768px\" \/>\t\t\t\t\t\t\t\t<\/a>\n\t\t\t\t\t\t\t\t\t\t\t\t\t\t\t<\/div>\n\t\t<div class=\"elementor-element elementor-element-c6b1769 e-con-full e-flex e-con e-child\" data-id=\"c6b1769\" data-element_type=\"container\" data-e-type=\"container\">\n\t\t\t\t<div class=\"elementor-element elementor-element-861a20c elementor-widget elementor-widget-heading\" data-id=\"861a20c\" data-element_type=\"widget\" data-e-type=\"widget\" data-widget_type=\"heading.default\">\n\t\t\t\t\t<h3 class=\"elementor-heading-title elementor-size-default\"><a href=\"https:\/\/c-profil.se\/english\/produkt-kategori\/apparatskap-rostfritt\/\">Apparatsk\u00e5p Rostfritt<\/a><\/h3>\t\t\t\t<\/div>\n\t\t\t\t<div class=\"elementor-element elementor-element-a4f3ad5 elementor-widget elementor-widget-heading\" data-id=\"a4f3ad5\" data-element_type=\"widget\" data-e-type=\"widget\" data-widget_type=\"heading.default\">\n\t\t\t\t\t<p class=\"elementor-heading-title elementor-size-default\">Golvsk\u00e5p &amp; V\u00e4ggsk\u00e5p<\/p>\t\t\t\t<\/div>\n\t\t\t\t<div class=\"elementor-element elementor-element-ebf12fc elementor-widget elementor-widget-text-editor\" data-id=\"ebf12fc\" data-element_type=\"widget\" data-e-type=\"widget\" data-widget_type=\"text-editor.default\">\n\t\t\t\t\t\t\t\t\t<p>Apparatsk\u00e5p i rostfritt st\u00e5l f\u00f6r utomhusmilj\u00f6 samt process- och livsmedelsindustri.<\/p>\t\t\t\t\t\t\t\t<\/div>\n\t\t\t\t<\/div>\n\t\t\t\t<\/div>\n\t\t\t\t<\/div>\n\t\t<div class=\"elementor-element elementor-element-d2f0b2a e-con-full e-flex e-con e-child\" data-id=\"d2f0b2a\" data-element_type=\"container\" data-e-type=\"container\" data-settings=\"{&quot;background_background&quot;:&quot;classic&quot;}\">\n\t\t<div class=\"elementor-element elementor-element-6a85e2d e-con-full e-flex e-con e-child\" data-id=\"6a85e2d\" data-element_type=\"container\" data-e-type=\"container\">\n\t\t\t\t<div class=\"elementor-element elementor-element-01f20aa elementor-widget elementor-widget-image\" data-id=\"01f20aa\" data-element_type=\"widget\" data-e-type=\"widget\" fetchpriority=\"\" data-widget_type=\"image.default\">\n\t\t\t\t\t\t\t\t\t\t\t\t\t\t\t\t<a href=\"https:\/\/c-profil.se\/english\/produkt-kategori\/kapslingar-i-plast\/\">\n\t\t\t\t\t\t\t<img decoding=\"async\" width=\"768\" height=\"768\" src=\"https:\/\/c-profil.se\/wp-content\/uploads\/2024\/08\/Kapslingar-Kopplingslador-i-Plast--768x768.jpg\" class=\"attachment-medium_large size-medium_large wp-image-45372\" alt=\"Kapslingar i plast f\u00f6r el och automation\" srcset=\"https:\/\/c-profil.se\/wp-content\/uploads\/2024\/08\/Kapslingar-Kopplingslador-i-Plast--768x768.jpg 768w, https:\/\/c-profil.se\/wp-content\/uploads\/2024\/08\/Kapslingar-Kopplingslador-i-Plast--150x150.jpg 150w, https:\/\/c-profil.se\/wp-content\/uploads\/2024\/08\/Kapslingar-Kopplingslador-i-Plast--300x300.jpg 300w, https:\/\/c-profil.se\/wp-content\/uploads\/2024\/08\/Kapslingar-Kopplingslador-i-Plast--12x12.jpg 12w, https:\/\/c-profil.se\/wp-content\/uploads\/2024\/08\/Kapslingar-Kopplingslador-i-Plast--500x500.jpg 500w, https:\/\/c-profil.se\/wp-content\/uploads\/2024\/08\/Kapslingar-Kopplingslador-i-Plast--400x400.jpg 400w, https:\/\/c-profil.se\/wp-content\/uploads\/2024\/08\/Kapslingar-Kopplingslador-i-Plast--100x100.jpg 100w, https:\/\/c-profil.se\/wp-content\/uploads\/2024\/08\/Kapslingar-Kopplingslador-i-Plast--64x64.jpg 64w, https:\/\/c-profil.se\/wp-content\/uploads\/2024\/08\/Kapslingar-Kopplingslador-i-Plast-.jpg 1000w\" sizes=\"(max-width: 768px) 100vw, 768px\" \/>\t\t\t\t\t\t\t\t<\/a>\n\t\t\t\t\t\t\t\t\t\t\t\t\t\t\t<\/div>\n\t\t<div class=\"elementor-element elementor-element-825c7e6 e-con-full e-flex e-con e-child\" data-id=\"825c7e6\" data-element_type=\"container\" data-e-type=\"container\">\n\t\t\t\t<div class=\"elementor-element elementor-element-5888050 elementor-widget elementor-widget-heading\" data-id=\"5888050\" data-element_type=\"widget\" data-e-type=\"widget\" data-widget_type=\"heading.default\">\n\t\t\t\t\t<h3 class=\"elementor-heading-title elementor-size-default\"><a href=\"https:\/\/c-profil.se\/english\/produkt-kategori\/kapslingar-i-plast\/\">Kapslingar Plast<\/a><\/h3>\t\t\t\t<\/div>\n\t\t\t\t<div class=\"elementor-element elementor-element-3c27c4f elementor-widget elementor-widget-heading\" data-id=\"3c27c4f\" data-element_type=\"widget\" data-e-type=\"widget\" data-widget_type=\"heading.default\">\n\t\t\t\t\t<p class=\"elementor-heading-title elementor-size-default\">Plastkapslingar<\/p>\t\t\t\t<\/div>\n\t\t\t\t<div class=\"elementor-element elementor-element-1e65793 elementor-widget elementor-widget-text-editor\" data-id=\"1e65793\" data-element_type=\"widget\" data-e-type=\"widget\" data-widget_type=\"text-editor.default\">\n\t\t\t\t\t\t\t\t\t<p>Kapslingar och kopplingsl\u00e5dor i polykarbonat, ABS och glasfiberf\u00f6rst\u00e4rkt polyester (GRP).<\/p>\t\t\t\t\t\t\t\t<\/div>\n\t\t\t\t<\/div>\n\t\t\t\t<\/div>\n\t\t\t\t<\/div>\n\t\t<div class=\"elementor-element elementor-element-bd7a39c e-con-full e-flex e-con e-child\" data-id=\"bd7a39c\" data-element_type=\"container\" data-e-type=\"container\" data-settings=\"{&quot;background_background&quot;:&quot;classic&quot;}\">\n\t\t<div class=\"elementor-element elementor-element-768439f e-con-full e-flex e-con e-child\" data-id=\"768439f\" data-element_type=\"container\" data-e-type=\"container\">\n\t\t\t\t<div class=\"elementor-element elementor-element-ba0d922 elementor-widget elementor-widget-image\" data-id=\"ba0d922\" data-element_type=\"widget\" data-e-type=\"widget\" fetchpriority=\"\" data-widget_type=\"image.default\">\n\t\t\t\t\t\t\t\t\t\t\t\t\t\t\t\t<a href=\"https:\/\/c-profil.se\/english\/produkt-kategori\/kapsling-i-aluminium\/\">\n\t\t\t\t\t\t\t<img loading=\"lazy\" decoding=\"async\" width=\"768\" height=\"768\" src=\"https:\/\/c-profil.se\/wp-content\/uploads\/2024\/08\/Kapslingar-Kopplingslador-i-Aluminium-768x768.jpg\" class=\"attachment-medium_large size-medium_large wp-image-45376\" alt=\"Kapslingar i aluminium med goda EMC-egenskaper\" srcset=\"https:\/\/c-profil.se\/wp-content\/uploads\/2024\/08\/Kapslingar-Kopplingslador-i-Aluminium-768x768.jpg 768w, https:\/\/c-profil.se\/wp-content\/uploads\/2024\/08\/Kapslingar-Kopplingslador-i-Aluminium-150x150.jpg 150w, https:\/\/c-profil.se\/wp-content\/uploads\/2024\/08\/Kapslingar-Kopplingslador-i-Aluminium-300x300.jpg 300w, https:\/\/c-profil.se\/wp-content\/uploads\/2024\/08\/Kapslingar-Kopplingslador-i-Aluminium-12x12.jpg 12w, https:\/\/c-profil.se\/wp-content\/uploads\/2024\/08\/Kapslingar-Kopplingslador-i-Aluminium-500x500.jpg 500w, https:\/\/c-profil.se\/wp-content\/uploads\/2024\/08\/Kapslingar-Kopplingslador-i-Aluminium-400x400.jpg 400w, https:\/\/c-profil.se\/wp-content\/uploads\/2024\/08\/Kapslingar-Kopplingslador-i-Aluminium-100x100.jpg 100w, https:\/\/c-profil.se\/wp-content\/uploads\/2024\/08\/Kapslingar-Kopplingslador-i-Aluminium-64x64.jpg 64w, https:\/\/c-profil.se\/wp-content\/uploads\/2024\/08\/Kapslingar-Kopplingslador-i-Aluminium.jpg 1000w\" sizes=\"(max-width: 768px) 100vw, 768px\" \/>\t\t\t\t\t\t\t\t<\/a>\n\t\t\t\t\t\t\t\t\t\t\t\t\t\t\t<\/div>\n\t\t<div class=\"elementor-element elementor-element-263589b e-con-full e-flex e-con e-child\" data-id=\"263589b\" data-element_type=\"container\" data-e-type=\"container\">\n\t\t\t\t<div class=\"elementor-element elementor-element-1701ee8 elementor-widget elementor-widget-heading\" data-id=\"1701ee8\" data-element_type=\"widget\" data-e-type=\"widget\" data-widget_type=\"heading.default\">\n\t\t\t\t\t<h3 class=\"elementor-heading-title elementor-size-default\"><a href=\"https:\/\/c-profil.se\/english\/produkt-kategori\/kapslingar-i-plast\/\">Kapslingar Aluminium\n<\/a><\/h3>\t\t\t\t<\/div>\n\t\t\t\t<div class=\"elementor-element elementor-element-d2071b6 elementor-widget elementor-widget-heading\" data-id=\"d2071b6\" data-element_type=\"widget\" data-e-type=\"widget\" data-widget_type=\"heading.default\">\n\t\t\t\t\t<p class=\"elementor-heading-title elementor-size-default\">Aluminiumkapslingar<\/p>\t\t\t\t<\/div>\n\t\t\t\t<div class=\"elementor-element elementor-element-bf634a4 elementor-widget elementor-widget-text-editor\" data-id=\"bf634a4\" data-element_type=\"widget\" data-e-type=\"widget\" data-widget_type=\"text-editor.default\">\n\t\t\t\t\t\t\t\t\t<p>Aluminiumkapslingar med brett temperaturomr\u00e5de, h\u00f6g korrosionsbest\u00e4ndighet och goda EMC-egenskaper.<\/p>\t\t\t\t\t\t\t\t<\/div>\n\t\t\t\t<\/div>\n\t\t\t\t<\/div>\n\t\t\t\t<\/div>\n\t\t\t\t<\/div>\n\t\t\t\t<div class=\"elementor-element elementor-element-94624ff elementor-widget elementor-widget-spacer\" data-id=\"94624ff\" data-element_type=\"widget\" data-e-type=\"widget\" data-widget_type=\"spacer.default\">\n\t\t\t\t\t\t\t<div class=\"elementor-spacer\">\n\t\t\t<div class=\"elementor-spacer-inner\"><\/div>\n\t\t<\/div>\n\t\t\t\t\t\t<\/div>\n\t\t\t\t<\/div>\n\t\t\t\t<\/div>\n\t\t<div class=\"elementor-element elementor-element-90b3966 e-con-full e-flex e-con e-parent\" data-id=\"90b3966\" data-element_type=\"container\" data-e-type=\"container\" data-settings=\"{&quot;background_background&quot;:&quot;classic&quot;}\">\n\t\t<div class=\"elementor-element elementor-element-ff4956e e-con-full e-flex e-con e-child\" data-id=\"ff4956e\" data-element_type=\"container\" data-e-type=\"container\">\n\t\t<div class=\"elementor-element elementor-element-174c5ab e-con-full e-flex e-con e-child\" data-id=\"174c5ab\" data-element_type=\"container\" data-e-type=\"container\">\n\t\t\t\t<div class=\"elementor-element elementor-element-20d2b01 elementor-widget elementor-widget-heading\" data-id=\"20d2b01\" data-element_type=\"widget\" data-e-type=\"widget\" data-widget_type=\"heading.default\">\n\t\t\t\t\t<h2 class=\"elementor-heading-title elementor-size-default\">Leverant\u00f6r till automationsindustrin sedan 1987<\/h2>\t\t\t\t<\/div>\n\t\t\t\t<div class=\"elementor-element elementor-element-91cd2ce elementor-widget elementor-widget-text-editor\" data-id=\"91cd2ce\" data-element_type=\"widget\" data-e-type=\"widget\" data-widget_type=\"text-editor.default\">\n\t\t\t\t\t\t\t\t\t<p>C-PRO levererar apparatsk\u00e5p och kapslingar till el- och automationsindustrin d\u00e4r <strong>drifts\u00e4kerhet, skydd och l\u00e5ng livsl\u00e4ngd \u00e4r avg\u00f6rande<\/strong>. V\u00e5ra produkter anv\u00e4nds av OEM-f\u00f6retag, sk\u00e5psbyggare och industrif\u00f6retag i allt fr\u00e5n maskiner och styrsk\u00e5p till st\u00f6rre industriella anl\u00e4ggningar.<\/p><p>I sortimentet finns <strong>apparatsk\u00e5p och kapslingar i pl\u00e5t, aluminium och rostfritt st\u00e5l<\/strong>, utvecklade f\u00f6r installationer d\u00e4r skydd mot damm, fukt, vibrationer och mekanisk p\u00e5verkan \u00e4r viktigt. Produkterna anv\u00e4nds i apparatsk\u00e5p, maskiner och industriella system d\u00e4r elektriska komponenter m\u00e5ste skyddas och organiseras p\u00e5 ett s\u00e4kert s\u00e4tt.<\/p>\t\t\t\t\t\t\t\t<\/div>\n\t\t\t\t<div class=\"elementor-element elementor-element-6371cde elementor-widget elementor-widget-heading\" data-id=\"6371cde\" data-element_type=\"widget\" data-e-type=\"widget\" data-widget_type=\"heading.default\">\n\t\t\t\t\t<h3 class=\"elementor-heading-title elementor-size-default\">D\u00e4rf\u00f6r v\u00e4ljer m\u00e5nga C-PRO<\/h3>\t\t\t\t<\/div>\n\t\t\t\t<div class=\"elementor-element elementor-element-b24a8cc check-list elementor-widget elementor-widget-text-editor\" data-id=\"b24a8cc\" data-element_type=\"widget\" data-e-type=\"widget\" data-widget_type=\"text-editor.default\">\n\t\t\t\t\t\t\t\t\t<ul class=\"check-list\"><li>Leveranser till OEM-f\u00f6retag och sk\u00e5psbyggare<\/li><li>Apparatsk\u00e5p och kapslingar f\u00f6r industriella installationer<\/li><li>L\u00f6sningar i pl\u00e5t, aluminium och rostfritt st\u00e5l<\/li><li>Teknisk r\u00e5dgivning vid val av kapsling och montage<\/li><\/ul>\t\t\t\t\t\t\t\t<\/div>\n\t\t\t\t<\/div>\n\t\t<div class=\"elementor-element elementor-element-ad56253 e-con-full e-flex e-con e-child\" data-id=\"ad56253\" data-element_type=\"container\" data-e-type=\"container\">\n\t\t\t\t<div class=\"elementor-element elementor-element-54eb730 elementor-widget elementor-widget-heading\" data-id=\"54eb730\" data-element_type=\"widget\" data-e-type=\"widget\" data-widget_type=\"heading.default\">\n\t\t\t\t\t<h3 class=\"elementor-heading-title elementor-size-default\">Typiska anv\u00e4ndningsomr\u00e5den<\/h3>\t\t\t\t<\/div>\n\t\t\t\t<div class=\"elementor-element elementor-element-baa33e1 elementor-widget elementor-widget-text-editor\" data-id=\"baa33e1\" data-element_type=\"widget\" data-e-type=\"widget\" data-widget_type=\"text-editor.default\">\n\t\t\t\t\t\t\t\t\t<ul class=\"check-list\"><li>styrsk\u00e5p och automationssystem<\/li><li>maskiner och produktionsutrustning<\/li><li>energi- och infrastrukturanl\u00e4ggningar<\/li><li>installationer d\u00e4r komponenter kr\u00e4ver skyddad kapsling<\/li><\/ul>\t\t\t\t\t\t\t\t<\/div>\n\t\t\t\t<div class=\"elementor-element elementor-element-21f4a78 elementor-widget elementor-widget-heading\" data-id=\"21f4a78\" data-element_type=\"widget\" data-e-type=\"widget\" data-widget_type=\"heading.default\">\n\t\t\t\t\t<h3 class=\"elementor-heading-title elementor-size-default\">Beh\u00f6ver du hj\u00e4lp att v\u00e4lja r\u00e4tt apparatsk\u00e5p eller kapsling f\u00f6r din installation?<\/h3>\t\t\t\t<\/div>\n\t\t\t\t<div class=\"elementor-element elementor-element-5da39c1 elementor-mobile-align-justify elementor-widget elementor-widget-button\" data-id=\"5da39c1\" data-element_type=\"widget\" data-e-type=\"widget\" aria-label=\"\" data-widget_type=\"button.default\">\n\t\t\t\t\t\t\t\t\t\t<a class=\"elementor-button elementor-button-link elementor-size-sm\" href=\"https:\/\/c-profil.se\/english\/kontakt\/\">\n\t\t\t\t\t\t<span class=\"elementor-button-content-wrapper\">\n\t\t\t\t\t\t\t\t\t<span class=\"elementor-button-text\">Kontakta oss f\u00f6r teknisk r\u00e5dgivning<\/span>\n\t\t\t\t\t<\/span>\n\t\t\t\t\t<\/a>\n\t\t\t\t\t\t\t\t<\/div>\n\t\t\t\t<\/div>\n\t\t\t\t<\/div>\n\t\t\t\t<\/div>\n\t\t<div class=\"elementor-element elementor-element-b1e525a e-con-full e-flex e-con e-parent\" data-id=\"b1e525a\" data-element_type=\"container\" data-e-type=\"container\">\n\t\t<div class=\"elementor-element elementor-element-ee6bfbf e-con-full e-flex e-con e-child\" data-id=\"ee6bfbf\" data-element_type=\"container\" data-e-type=\"container\">\n\t\t<div class=\"elementor-element elementor-element-a8b970b e-con-full e-flex e-con e-child\" data-id=\"a8b970b\" data-element_type=\"container\" data-e-type=\"container\">\n\t\t<div class=\"elementor-element elementor-element-454b3ae e-con-full e-flex e-con e-child\" data-id=\"454b3ae\" data-element_type=\"container\" data-e-type=\"container\">\n\t\t\t\t<div class=\"elementor-element elementor-element-89538a2 elementor-widget elementor-widget-heading\" data-id=\"89538a2\" data-element_type=\"widget\" data-e-type=\"widget\" data-widget_type=\"heading.default\">\n\t\t\t\t\t<h2 class=\"elementor-heading-title elementor-size-default\">Viktiga krav och vanliga fallgropar\u200b<\/h2>\t\t\t\t<\/div>\n\t\t\t\t<div class=\"elementor-element elementor-element-25e4d4a elementor-widget elementor-widget-text-editor\" data-id=\"25e4d4a\" data-element_type=\"widget\" data-e-type=\"widget\" data-widget_type=\"text-editor.default\">\n\t\t\t\t\t\t\t\t\t<p>Val av sk\u00e5p eller kapsling p\u00e5verkar b\u00e5de drifts\u00e4kerhet och livsl\u00e4ngd f\u00f6r installationen. Ett felaktigt val kan leda till problem vid drift, service eller framtida utbyggnad.<\/p><p>Vanliga fallgropar:<\/p><ul><li>f\u00f6r l\u00e5g kapslingsklass i fuktiga eller smutsiga milj\u00f6er<\/li><li>fel materialval som leder till korrosion eller slitage<\/li><li>otillr\u00e4ckligt utrymme f\u00f6r kabeldragning och intern utrustning<\/li><li>underskattning av v\u00e4rmeutveckling och behov av kylning<\/li><\/ul><p>Vid os\u00e4kerhet kring kabeldragning och genomf\u00f6ringar b\u00f6r \u00e4ven angr\u00e4nsande produktomr\u00e5den beaktas:<\/p><p><strong><a href=\"\/kabelforskruvningar-2\/\">Kabelf\u00f6rskruvningar \u2192\u00a0<\/a><\/strong><\/p><p><strong><a href=\"\/kabelgenomforingar\/\">Kabelgenomf\u00f6ringar \u2192<\/a><\/strong><\/p>\t\t\t\t\t\t\t\t<\/div>\n\t\t\t\t<\/div>\n\t\t<div class=\"elementor-element elementor-element-074222d e-con-full e-flex e-con e-child\" data-id=\"074222d\" data-element_type=\"container\" data-e-type=\"container\">\n\t\t\t\t<div class=\"elementor-element elementor-element-c78ab9a elementor-widget elementor-widget-heading\" data-id=\"c78ab9a\" data-element_type=\"widget\" data-e-type=\"widget\" data-widget_type=\"heading.default\">\n\t\t\t\t\t<h2 class=\"elementor-heading-title elementor-size-default\">Guider och teknisk information<\/h2>\t\t\t\t<\/div>\n\t\t\t\t<div class=\"elementor-element elementor-element-f8880a5 elementor-widget elementor-widget-heading\" data-id=\"f8880a5\" data-element_type=\"widget\" data-e-type=\"widget\" data-widget_type=\"heading.default\">\n\t\t\t\t\t<h3 class=\"elementor-heading-title elementor-size-default\">S\u00e5 v\u00e4ljer du r\u00e4tt apparatsk\u00e5p<\/h3>\t\t\t\t<\/div>\n\t\t\t\t<div class=\"elementor-element elementor-element-010be7f elementor-widget elementor-widget-text-editor\" data-id=\"010be7f\" data-element_type=\"widget\" data-e-type=\"widget\" data-widget_type=\"text-editor.default\">\n\t\t\t\t\t\t\t\t\t<p class=\"\">J\u00e4mf\u00f6r sk\u00e5p och kapslingar i pl\u00e5t, rostfritt, aluminium och plast med fokus p\u00e5 IP-klass, milj\u00f6krav och typiska branscher.<\/p><p><a href=\"https:\/\/c-profil.se\/tekniska-guider-for-el-automation-c-pro\/sa-valjer-du-ratt-apparatskap-material-ip-klass-tillbehor\/\"><strong>S\u00e5 v\u00e4ljer du r\u00e4tt Apparatsk\u00e5p: Material, IP-klass &amp; tillbeh\u00f6r \u2192 L\u00e4s guiden<\/strong><\/a><\/p>\t\t\t\t\t\t\t\t<\/div>\n\t\t\t\t<div class=\"elementor-element elementor-element-a5725cd elementor-widget elementor-widget-heading\" data-id=\"a5725cd\" data-element_type=\"widget\" data-e-type=\"widget\" data-widget_type=\"heading.default\">\n\t\t\t\t\t<h3 class=\"elementor-heading-title elementor-size-default\">IP65 vs IP66 \u2013 vad \u00e4r skillnaden?<\/h3>\t\t\t\t<\/div>\n\t\t\t\t<div class=\"elementor-element elementor-element-8154d94 elementor-widget elementor-widget-text-editor\" data-id=\"8154d94\" data-element_type=\"widget\" data-e-type=\"widget\" data-widget_type=\"text-editor.default\">\n\t\t\t\t\t\t\t\t\t<p>F\u00f6rst\u00e5 skillnaden i vattenskydd enligt EN 60529 och v\u00e4lj r\u00e4tt niv\u00e5 f\u00f6r din installation.<\/p><p><a href=\"https:\/\/c-profil.se\/tekniska-guider-for-el-automation-c-pro\/ip65-vs-ip66-vad-ar-skillnaden\/\"><strong>IP65 vs IP66 \u2013 vad \u00e4r skillnaden? \u2192 L\u00e4s guiden<\/strong><\/a><\/p>\t\t\t\t\t\t\t\t<\/div>\n\t\t\t\t<\/div>\n\t\t<div class=\"elementor-element elementor-element-e1390c2 e-con-full e-flex e-con e-child\" data-id=\"e1390c2\" data-element_type=\"container\" data-e-type=\"container\">\n\t\t\t\t<div class=\"elementor-element elementor-element-8635e39 elementor-widget elementor-widget-heading\" data-id=\"8635e39\" data-element_type=\"widget\" data-e-type=\"widget\" data-widget_type=\"heading.default\">\n\t\t\t\t\t<h2 class=\"elementor-heading-title elementor-size-default\">Relaterade produktomr\u00e5den<\/h2>\t\t\t\t<\/div>\n\t\t\t\t<div class=\"elementor-element elementor-element-7a9c91d elementor-widget elementor-widget-text-editor\" data-id=\"7a9c91d\" data-element_type=\"widget\" data-e-type=\"widget\" data-widget_type=\"text-editor.default\">\n\t\t\t\t\t\t\t\t\t<p>Komplettera ditt sk\u00e5p eller kapsling med:<\/p><p><strong><a href=\"https:\/\/c-profil.se\/klimatisering\/\">Klimatisering \u2192<\/a><\/strong><\/p><p><strong><a href=\"https:\/\/c-profil.se\/jordning\/\">Jordning &amp; EMC \u2192<\/a><\/strong><\/p><p><a href=\"https:\/\/c-profil.se\/stromforsorjning\/\"><strong>Str\u00f6mf\u00f6rs\u00f6rjning &amp; IIoT \u2192<\/strong><\/a><\/p>\t\t\t\t\t\t\t\t<\/div>\n\t\t\t\t<div class=\"elementor-element elementor-element-d571022 elementor-widget elementor-widget-heading\" data-id=\"d571022\" data-element_type=\"widget\" data-e-type=\"widget\" data-widget_type=\"heading.default\">\n\t\t\t\t\t<h2 class=\"elementor-heading-title elementor-size-default\">Anpassning och projektsupport<\/h2>\t\t\t\t<\/div>\n\t\t\t\t<div class=\"elementor-element elementor-element-f35cbeb elementor-widget elementor-widget-text-editor\" data-id=\"f35cbeb\" data-element_type=\"widget\" data-e-type=\"widget\" data-widget_type=\"text-editor.default\">\n\t\t\t\t\t\t\t\t\t<ul><li>H\u00e5ltagning och bearbetning<\/li><li>F\u00e4rganpassning<\/li><li>M\u00e4rkning och identifiering<\/li><li>Kontakta oss<\/li><\/ul>\t\t\t\t\t\t\t\t<\/div>\n\t\t\t\t<\/div>\n\t\t\t\t<\/div>\n\t\t\t\t<\/div>\n\t\t<div class=\"elementor-element elementor-element-5333b1b e-con-full e-flex e-con e-child\" data-id=\"5333b1b\" data-element_type=\"container\" data-e-type=\"container\">\n\t\t\t\t<div class=\"elementor-element elementor-element-9db4f07 elementor-widget elementor-widget-heading\" data-id=\"9db4f07\" data-element_type=\"widget\" data-e-type=\"widget\" data-widget_type=\"heading.default\">\n\t\t\t\t\t<h2 class=\"elementor-heading-title elementor-size-default\">FAQ \u2013 Vanliga fr\u00e5gor om apparatsk\u00e5p och kapslingar<\/h2>\t\t\t\t<\/div>\n\t\t\t\t<div class=\"elementor-element elementor-element-b8760b2 faq-industrial elementor-widget elementor-widget-n-accordion\" data-id=\"b8760b2\" data-element_type=\"widget\" data-e-type=\"widget\" data-settings=\"{&quot;default_state&quot;:&quot;all_collapsed&quot;,&quot;max_items_expended&quot;:&quot;one&quot;,&quot;n_accordion_animation_duration&quot;:{&quot;unit&quot;:&quot;ms&quot;,&quot;size&quot;:400,&quot;sizes&quot;:[]}}\" data-widget_type=\"nested-accordion.default\">\n\t\t\t\t\t\t\t<div class=\"e-n-accordion\" aria-label=\"Accordion. Open links with Enter or Space, close with Escape, and navigate with Arrow Keys\">\n\t\t\t\t\t\t<details id=\"e-n-accordion-item-1930\" class=\"e-n-accordion-item\" >\n\t\t\t\t<summary class=\"e-n-accordion-item-title\" data-accordion-index=\"1\" tabindex=\"0\" aria-expanded=\"false\" aria-controls=\"e-n-accordion-item-1930\" >\n\t\t\t\t\t<span class='e-n-accordion-item-title-header'><h3 class=\"e-n-accordion-item-title-text\"> N\u00e4r anv\u00e4nds apparatsk\u00e5p? <\/h3><\/span>\n\t\t\t\t\t\t\t<span class='e-n-accordion-item-title-icon'>\n\t\t\t<span class='e-opened' ><svg aria-hidden=\"true\" class=\"e-font-icon-svg e-fas-caret-up\" viewBox=\"0 0 320 512\" xmlns=\"http:\/\/www.w3.org\/2000\/svg\"><path d=\"M288.662 352H31.338c-17.818 0-26.741-21.543-14.142-34.142l128.662-128.662c7.81-7.81 20.474-7.81 28.284 0l128.662 128.662c12.6 12.599 3.676 34.142-14.142 34.142z\"><\/path><\/svg><\/span>\n\t\t\t<span class='e-closed'><svg aria-hidden=\"true\" class=\"e-font-icon-svg e-fas-caret-right\" viewBox=\"0 0 192 512\" xmlns=\"http:\/\/www.w3.org\/2000\/svg\"><path d=\"M0 384.662V127.338c0-17.818 21.543-26.741 34.142-14.142l128.662 128.662c7.81 7.81 7.81 20.474 0 28.284L34.142 398.804C21.543 411.404 0 402.48 0 384.662z\"><\/path><\/svg><\/span>\n\t\t<\/span>\n\n\t\t\t\t\t\t<\/summary>\n\t\t\t\t<div role=\"region\" aria-labelledby=\"e-n-accordion-item-1930\" class=\"elementor-element elementor-element-1693b60 e-con-full e-flex e-con e-child\" data-id=\"1693b60\" data-element_type=\"container\" data-e-type=\"container\">\n\t\t\t\t<div class=\"elementor-element elementor-element-b615410 elementor-widget elementor-widget-text-editor\" data-id=\"b615410\" data-element_type=\"widget\" data-e-type=\"widget\" data-widget_type=\"text-editor.default\">\n\t\t\t\t\t\t\t\t\t<p>Apparatsk\u00e5p anv\u00e4nds f\u00f6r att samla, skydda och strukturera elektriska och elektroniska komponenter i industriella installationer. De fungerar som elsk\u00e5p eller styrsk\u00e5p och anv\u00e4nds i allt fr\u00e5n enklare styrsystem till mer avancerade automations- och processl\u00f6sningar.<\/p><p>Ett apparatsk\u00e5p ger skydd mot yttre p\u00e5verkan som damm, fukt och mekanisk belastning, samtidigt som det skapar ordning f\u00f6r kabeldragning, montage och framtida service.<\/p>\t\t\t\t\t\t\t\t<\/div>\n\t\t\t\t<\/div>\n\t\t\t\t\t<\/details>\n\t\t\t\t\t\t<details id=\"e-n-accordion-item-1931\" class=\"e-n-accordion-item\" >\n\t\t\t\t<summary class=\"e-n-accordion-item-title\" data-accordion-index=\"2\" tabindex=\"-1\" aria-expanded=\"false\" aria-controls=\"e-n-accordion-item-1931\" >\n\t\t\t\t\t<span class='e-n-accordion-item-title-header'><h3 class=\"e-n-accordion-item-title-text\"> N\u00e4r \u00e4r andra kapslingsl\u00f6sningar mer l\u00e4mpliga?\u200b <\/h3><\/span>\n\t\t\t\t\t\t\t<span class='e-n-accordion-item-title-icon'>\n\t\t\t<span class='e-opened' ><svg aria-hidden=\"true\" class=\"e-font-icon-svg e-fas-caret-up\" viewBox=\"0 0 320 512\" xmlns=\"http:\/\/www.w3.org\/2000\/svg\"><path d=\"M288.662 352H31.338c-17.818 0-26.741-21.543-14.142-34.142l128.662-128.662c7.81-7.81 20.474-7.81 28.284 0l128.662 128.662c12.6 12.599 3.676 34.142-14.142 34.142z\"><\/path><\/svg><\/span>\n\t\t\t<span class='e-closed'><svg aria-hidden=\"true\" class=\"e-font-icon-svg e-fas-caret-right\" viewBox=\"0 0 192 512\" xmlns=\"http:\/\/www.w3.org\/2000\/svg\"><path d=\"M0 384.662V127.338c0-17.818 21.543-26.741 34.142-14.142l128.662 128.662c7.81 7.81 7.81 20.474 0 28.284L34.142 398.804C21.543 411.404 0 402.48 0 384.662z\"><\/path><\/svg><\/span>\n\t\t<\/span>\n\n\t\t\t\t\t\t<\/summary>\n\t\t\t\t<div role=\"region\" aria-labelledby=\"e-n-accordion-item-1931\" class=\"elementor-element elementor-element-d741685 e-con-full e-flex e-con e-child\" data-id=\"d741685\" data-element_type=\"container\" data-e-type=\"container\">\n\t\t\t\t<div class=\"elementor-element elementor-element-dc5642c elementor-widget elementor-widget-text-editor\" data-id=\"dc5642c\" data-element_type=\"widget\" data-e-type=\"widget\" data-widget_type=\"text-editor.default\">\n\t\t\t\t\t\t\t\t\t<p>Apparatsk\u00e5p \u00e4r inte alltid den mest \u00e4ndam\u00e5lsenliga l\u00f6sningen, s\u00e4rskilt n\u00e4r installationen \u00e4r mycket begr\u00e4nsad eller n\u00e4r endast ett f\u00e5tal komponenter beh\u00f6ver kapslas.<\/p><p>Andra kapslingsl\u00f6sningar kan vara mer l\u00e4mpliga n\u00e4r:<\/p><ul><li>endast enstaka komponenter ska skyddas<\/li><li>installationsutrymmet \u00e4r mycket begr\u00e4nsat<\/li><li>komponenterna redan \u00e4r individuellt kapslade<\/li><li>behovet fr\u00e4mst g\u00e4ller kabelinf\u00f6ring eller anslutning<\/li><\/ul><p><strong>I dessa fall \u00e4r ofta mindre kapslingar eller enklare l\u00f6sningar ett b\u00e4ttre val:<\/strong><\/p><p><a href=\"\/produkt-kategori\/apparatskap-plat\/\"><strong>Kapslingar i plast \u2192<\/strong><\/a><\/p><p><a href=\"https:\/\/c-profil.se\/produkt-kategori\/kapsling-i-aluminium\/\"><strong>Kapslingar i aluminium \u2192<\/strong><\/a><\/p>\t\t\t\t\t\t\t\t<\/div>\n\t\t\t\t<\/div>\n\t\t\t\t\t<\/details>\n\t\t\t\t\t\t<details id=\"e-n-accordion-item-1932\" class=\"e-n-accordion-item\" >\n\t\t\t\t<summary class=\"e-n-accordion-item-title\" data-accordion-index=\"3\" tabindex=\"-1\" aria-expanded=\"false\" aria-controls=\"e-n-accordion-item-1932\" >\n\t\t\t\t\t<span class='e-n-accordion-item-title-header'><h3 class=\"e-n-accordion-item-title-text\"> N\u00e4r ska man v\u00e4lja apparatsk\u00e5p i pl\u00e5t? <\/h3><\/span>\n\t\t\t\t\t\t\t<span class='e-n-accordion-item-title-icon'>\n\t\t\t<span class='e-opened' ><svg aria-hidden=\"true\" class=\"e-font-icon-svg e-fas-caret-up\" viewBox=\"0 0 320 512\" xmlns=\"http:\/\/www.w3.org\/2000\/svg\"><path d=\"M288.662 352H31.338c-17.818 0-26.741-21.543-14.142-34.142l128.662-128.662c7.81-7.81 20.474-7.81 28.284 0l128.662 128.662c12.6 12.599 3.676 34.142-14.142 34.142z\"><\/path><\/svg><\/span>\n\t\t\t<span class='e-closed'><svg aria-hidden=\"true\" class=\"e-font-icon-svg e-fas-caret-right\" viewBox=\"0 0 192 512\" xmlns=\"http:\/\/www.w3.org\/2000\/svg\"><path d=\"M0 384.662V127.338c0-17.818 21.543-26.741 34.142-14.142l128.662 128.662c7.81 7.81 7.81 20.474 0 28.284L34.142 398.804C21.543 411.404 0 402.48 0 384.662z\"><\/path><\/svg><\/span>\n\t\t<\/span>\n\n\t\t\t\t\t\t<\/summary>\n\t\t\t\t<div role=\"region\" aria-labelledby=\"e-n-accordion-item-1932\" class=\"elementor-element elementor-element-9fde19e e-con-full e-flex e-con e-child\" data-id=\"9fde19e\" data-element_type=\"container\" data-e-type=\"container\">\n\t\t\t\t<div class=\"elementor-element elementor-element-5ba0ad4 elementor-widget elementor-widget-text-editor\" data-id=\"5ba0ad4\" data-element_type=\"widget\" data-e-type=\"widget\" data-widget_type=\"text-editor.default\">\n\t\t\t\t\t\t\t\t\t<p>Apparatsk\u00e5p \u00e4r inte alltid den mest \u00e4ndam\u00e5lsenliga l\u00f6sningen, s\u00e4rskilt n\u00e4r installationen \u00e4r mycket begr\u00e4nsad eller n\u00e4r endast ett f\u00e5tal komponenter beh\u00f6ver kapslas.<\/p><p>Andra kapslingsl\u00f6sningar kan vara mer l\u00e4mpliga n\u00e4r:<\/p><ul><li>endast enstaka komponenter ska skyddas<\/li><li>installationsutrymmet \u00e4r mycket begr\u00e4nsat<\/li><li>komponenterna redan \u00e4r individuellt kapslade<\/li><li>behovet fr\u00e4mst g\u00e4ller kabelinf\u00f6ring eller anslutning<\/li><\/ul><p><strong>I dessa fall \u00e4r ofta mindre kapslingar eller enklare l\u00f6sningar ett b\u00e4ttre val:<\/strong><\/p><p><a href=\"\/produkt-kategori\/apparatskap-plat\/\"><strong>\u2198 Kapslingar i plast<\/strong><\/a><\/p><p><a href=\"https:\/\/c-profil.se\/produkt-kategori\/kapsling-i-aluminium\/\"><strong>\u2198 Kapslingar i aluminium<\/strong><\/a><\/p>\t\t\t\t\t\t\t\t<\/div>\n\t\t\t\t<\/div>\n\t\t\t\t\t<\/details>\n\t\t\t\t\t\t<details id=\"e-n-accordion-item-1933\" class=\"e-n-accordion-item\" >\n\t\t\t\t<summary class=\"e-n-accordion-item-title\" data-accordion-index=\"4\" tabindex=\"-1\" aria-expanded=\"false\" aria-controls=\"e-n-accordion-item-1933\" >\n\t\t\t\t\t<span class='e-n-accordion-item-title-header'><h3 class=\"e-n-accordion-item-title-text\"> N\u00e4r beh\u00f6vs apparatsk\u00e5p i rostfritt st\u00e5l? <\/h3><\/span>\n\t\t\t\t\t\t\t<span class='e-n-accordion-item-title-icon'>\n\t\t\t<span class='e-opened' ><svg aria-hidden=\"true\" class=\"e-font-icon-svg e-fas-caret-up\" viewBox=\"0 0 320 512\" xmlns=\"http:\/\/www.w3.org\/2000\/svg\"><path d=\"M288.662 352H31.338c-17.818 0-26.741-21.543-14.142-34.142l128.662-128.662c7.81-7.81 20.474-7.81 28.284 0l128.662 128.662c12.6 12.599 3.676 34.142-14.142 34.142z\"><\/path><\/svg><\/span>\n\t\t\t<span class='e-closed'><svg aria-hidden=\"true\" class=\"e-font-icon-svg e-fas-caret-right\" viewBox=\"0 0 192 512\" xmlns=\"http:\/\/www.w3.org\/2000\/svg\"><path d=\"M0 384.662V127.338c0-17.818 21.543-26.741 34.142-14.142l128.662 128.662c7.81 7.81 7.81 20.474 0 28.284L34.142 398.804C21.543 411.404 0 402.48 0 384.662z\"><\/path><\/svg><\/span>\n\t\t<\/span>\n\n\t\t\t\t\t\t<\/summary>\n\t\t\t\t<div role=\"region\" aria-labelledby=\"e-n-accordion-item-1933\" class=\"elementor-element elementor-element-4fa176e e-con-full e-flex e-con e-child\" data-id=\"4fa176e\" data-element_type=\"container\" data-e-type=\"container\">\n\t\t\t\t<div class=\"elementor-element elementor-element-d0a4b56 elementor-widget elementor-widget-text-editor\" data-id=\"d0a4b56\" data-element_type=\"widget\" data-e-type=\"widget\" data-widget_type=\"text-editor.default\">\n\t\t\t\t\t\t\t\t\t<p>Apparatsk\u00e5p \u00e4r inte alltid den mest \u00e4ndam\u00e5lsenliga l\u00f6sningen, s\u00e4rskilt n\u00e4r installationen \u00e4r mycket begr\u00e4nsad eller n\u00e4r endast ett f\u00e5tal komponenter beh\u00f6ver kapslas.<\/p><p>Andra kapslingsl\u00f6sningar kan vara mer l\u00e4mpliga n\u00e4r:<\/p><ul><li>endast enstaka komponenter ska skyddas<\/li><li>installationsutrymmet \u00e4r mycket begr\u00e4nsat<\/li><li>komponenterna redan \u00e4r individuellt kapslade<\/li><li>behovet fr\u00e4mst g\u00e4ller kabelinf\u00f6ring eller anslutning<\/li><\/ul><p><strong>I dessa fall \u00e4r ofta mindre kapslingar eller enklare l\u00f6sningar ett b\u00e4ttre val:<\/strong><\/p><p><a href=\"\/produkt-kategori\/apparatskap-plat\/\"><strong>\u2198 Kapslingar i plast<\/strong><\/a><\/p><p><a href=\"https:\/\/c-profil.se\/produkt-kategori\/kapsling-i-aluminium\/\"><strong>\u2198 Kapslingar i aluminium<\/strong><\/a><\/p>\t\t\t\t\t\t\t\t<\/div>\n\t\t\t\t<\/div>\n\t\t\t\t\t<\/details>\n\t\t\t\t\t\t<details id=\"e-n-accordion-item-1934\" class=\"e-n-accordion-item\" >\n\t\t\t\t<summary class=\"e-n-accordion-item-title\" data-accordion-index=\"5\" tabindex=\"-1\" aria-expanded=\"false\" aria-controls=\"e-n-accordion-item-1934\" >\n\t\t\t\t\t<span class='e-n-accordion-item-title-header'><h3 class=\"e-n-accordion-item-title-text\"> N\u00e4r \u00e4r kapslingar i plast ett bra val? <\/h3><\/span>\n\t\t\t\t\t\t\t<span class='e-n-accordion-item-title-icon'>\n\t\t\t<span class='e-opened' ><svg aria-hidden=\"true\" class=\"e-font-icon-svg e-fas-caret-up\" viewBox=\"0 0 320 512\" xmlns=\"http:\/\/www.w3.org\/2000\/svg\"><path d=\"M288.662 352H31.338c-17.818 0-26.741-21.543-14.142-34.142l128.662-128.662c7.81-7.81 20.474-7.81 28.284 0l128.662 128.662c12.6 12.599 3.676 34.142-14.142 34.142z\"><\/path><\/svg><\/span>\n\t\t\t<span class='e-closed'><svg aria-hidden=\"true\" class=\"e-font-icon-svg e-fas-caret-right\" viewBox=\"0 0 192 512\" xmlns=\"http:\/\/www.w3.org\/2000\/svg\"><path d=\"M0 384.662V127.338c0-17.818 21.543-26.741 34.142-14.142l128.662 128.662c7.81 7.81 7.81 20.474 0 28.284L34.142 398.804C21.543 411.404 0 402.48 0 384.662z\"><\/path><\/svg><\/span>\n\t\t<\/span>\n\n\t\t\t\t\t\t<\/summary>\n\t\t\t\t<div role=\"region\" aria-labelledby=\"e-n-accordion-item-1934\" class=\"elementor-element elementor-element-276cb4a e-con-full e-flex e-con e-child\" data-id=\"276cb4a\" data-element_type=\"container\" data-e-type=\"container\">\n\t\t\t\t<div class=\"elementor-element elementor-element-1d36396 elementor-widget elementor-widget-text-editor\" data-id=\"1d36396\" data-element_type=\"widget\" data-e-type=\"widget\" data-widget_type=\"text-editor.default\">\n\t\t\t\t\t\t\t\t\t<p>Apparatsk\u00e5p \u00e4r inte alltid den mest \u00e4ndam\u00e5lsenliga l\u00f6sningen, s\u00e4rskilt n\u00e4r installationen \u00e4r mycket begr\u00e4nsad eller n\u00e4r endast ett f\u00e5tal komponenter beh\u00f6ver kapslas.<\/p><p>Andra kapslingsl\u00f6sningar kan vara mer l\u00e4mpliga n\u00e4r:<\/p><ul><li>endast enstaka komponenter ska skyddas<\/li><li>installationsutrymmet \u00e4r mycket begr\u00e4nsat<\/li><li>komponenterna redan \u00e4r individuellt kapslade<\/li><li>behovet fr\u00e4mst g\u00e4ller kabelinf\u00f6ring eller anslutning<\/li><\/ul><p><strong>I dessa fall \u00e4r ofta mindre kapslingar eller enklare l\u00f6sningar ett b\u00e4ttre val:<\/strong><\/p><p><a href=\"\/produkt-kategori\/apparatskap-plat\/\"><strong>\u2198 Kapslingar i plast<\/strong><\/a><\/p><p><a href=\"https:\/\/c-profil.se\/produkt-kategori\/kapsling-i-aluminium\/\"><strong>\u2198 Kapslingar i aluminium<\/strong><\/a><\/p>\t\t\t\t\t\t\t\t<\/div>\n\t\t\t\t<\/div>\n\t\t\t\t\t<\/details>\n\t\t\t\t\t\t<details id=\"e-n-accordion-item-1935\" class=\"e-n-accordion-item\" >\n\t\t\t\t<summary class=\"e-n-accordion-item-title\" data-accordion-index=\"6\" tabindex=\"-1\" aria-expanded=\"false\" aria-controls=\"e-n-accordion-item-1935\" >\n\t\t\t\t\t<span class='e-n-accordion-item-title-header'><h3 class=\"e-n-accordion-item-title-text\"> Vad \u00e4r skillnaden mellan apparatsk\u00e5p och kapslingar? <\/h3><\/span>\n\t\t\t\t\t\t\t<span class='e-n-accordion-item-title-icon'>\n\t\t\t<span class='e-opened' ><svg aria-hidden=\"true\" class=\"e-font-icon-svg e-fas-caret-up\" viewBox=\"0 0 320 512\" xmlns=\"http:\/\/www.w3.org\/2000\/svg\"><path d=\"M288.662 352H31.338c-17.818 0-26.741-21.543-14.142-34.142l128.662-128.662c7.81-7.81 20.474-7.81 28.284 0l128.662 128.662c12.6 12.599 3.676 34.142-14.142 34.142z\"><\/path><\/svg><\/span>\n\t\t\t<span class='e-closed'><svg aria-hidden=\"true\" class=\"e-font-icon-svg e-fas-caret-right\" viewBox=\"0 0 192 512\" xmlns=\"http:\/\/www.w3.org\/2000\/svg\"><path d=\"M0 384.662V127.338c0-17.818 21.543-26.741 34.142-14.142l128.662 128.662c7.81 7.81 7.81 20.474 0 28.284L34.142 398.804C21.543 411.404 0 402.48 0 384.662z\"><\/path><\/svg><\/span>\n\t\t<\/span>\n\n\t\t\t\t\t\t<\/summary>\n\t\t\t\t<div role=\"region\" aria-labelledby=\"e-n-accordion-item-1935\" class=\"elementor-element elementor-element-3e5b43f e-con-full e-flex e-con e-child\" data-id=\"3e5b43f\" data-element_type=\"container\" data-e-type=\"container\">\n\t\t\t\t<div class=\"elementor-element elementor-element-b35f9b0 elementor-widget elementor-widget-text-editor\" data-id=\"b35f9b0\" data-element_type=\"widget\" data-e-type=\"widget\" data-widget_type=\"text-editor.default\">\n\t\t\t\t\t\t\t\t\t<p>Apparatsk\u00e5p i pl\u00e5t anv\u00e4nds ofta i industriella installationer d\u00e4r h\u00f6g <strong>mekanisk h\u00e5llfasthet och stabil konstruktion<\/strong> kr\u00e4vs. De l\u00e4mpar sig v\u00e4l f\u00f6r maskiner, produktionslinjer och styrsk\u00e5p d\u00e4r komponenter monteras stegvis och d\u00e4r servicev\u00e4nlighet \u00e4r viktigt.<\/p>\t\t\t\t\t\t\t\t<\/div>\n\t\t\t\t<\/div>\n\t\t\t\t\t<\/details>\n\t\t\t\t\t\t<details id=\"e-n-accordion-item-1936\" class=\"e-n-accordion-item\" >\n\t\t\t\t<summary class=\"e-n-accordion-item-title\" data-accordion-index=\"7\" tabindex=\"-1\" aria-expanded=\"false\" aria-controls=\"e-n-accordion-item-1936\" >\n\t\t\t\t\t<span class='e-n-accordion-item-title-header'><h3 class=\"e-n-accordion-item-title-text\"> Hur v\u00e4ljer jag r\u00e4tt IP-klass? <\/h3><\/span>\n\t\t\t\t\t\t\t<span class='e-n-accordion-item-title-icon'>\n\t\t\t<span class='e-opened' ><svg aria-hidden=\"true\" class=\"e-font-icon-svg e-fas-caret-up\" viewBox=\"0 0 320 512\" xmlns=\"http:\/\/www.w3.org\/2000\/svg\"><path d=\"M288.662 352H31.338c-17.818 0-26.741-21.543-14.142-34.142l128.662-128.662c7.81-7.81 20.474-7.81 28.284 0l128.662 128.662c12.6 12.599 3.676 34.142-14.142 34.142z\"><\/path><\/svg><\/span>\n\t\t\t<span class='e-closed'><svg aria-hidden=\"true\" class=\"e-font-icon-svg e-fas-caret-right\" viewBox=\"0 0 192 512\" xmlns=\"http:\/\/www.w3.org\/2000\/svg\"><path d=\"M0 384.662V127.338c0-17.818 21.543-26.741 34.142-14.142l128.662 128.662c7.81 7.81 7.81 20.474 0 28.284L34.142 398.804C21.543 411.404 0 402.48 0 384.662z\"><\/path><\/svg><\/span>\n\t\t<\/span>\n\n\t\t\t\t\t\t<\/summary>\n\t\t\t\t<div role=\"region\" aria-labelledby=\"e-n-accordion-item-1936\" class=\"elementor-element elementor-element-742b9b4 e-con-full e-flex e-con e-child\" data-id=\"742b9b4\" data-element_type=\"container\" data-e-type=\"container\">\n\t\t\t\t<div class=\"elementor-element elementor-element-ef7b9cb elementor-widget elementor-widget-text-editor\" data-id=\"ef7b9cb\" data-element_type=\"widget\" data-e-type=\"widget\" data-widget_type=\"text-editor.default\">\n\t\t\t\t\t\t\t\t\t<p>Apparatsk\u00e5p i rostfritt st\u00e5l anv\u00e4nds i <strong>kr\u00e4vande milj\u00f6er med h\u00f6ga krav p\u00e5 korrosionsbest\u00e4ndighet och hygien<\/strong>. De \u00e4r vanliga inom livsmedelsindustri, l\u00e4kemedelsindustri, kemisk processindustri samt i installationer d\u00e4r utrustning uts\u00e4tts f\u00f6r fukt eller reng\u00f6ring.<\/p>\t\t\t\t\t\t\t\t<\/div>\n\t\t\t\t<\/div>\n\t\t\t\t\t<\/details>\n\t\t\t\t\t\t<details id=\"e-n-accordion-item-1937\" class=\"e-n-accordion-item\" >\n\t\t\t\t<summary class=\"e-n-accordion-item-title\" data-accordion-index=\"8\" tabindex=\"-1\" aria-expanded=\"false\" aria-controls=\"e-n-accordion-item-1937\" >\n\t\t\t\t\t<span class='e-n-accordion-item-title-header'><h3 class=\"e-n-accordion-item-title-text\"> N\u00e4r beh\u00f6vs golvsk\u00e5p ist\u00e4llet f\u00f6r v\u00e4ggsk\u00e5p? <\/h3><\/span>\n\t\t\t\t\t\t\t<span class='e-n-accordion-item-title-icon'>\n\t\t\t<span class='e-opened' ><svg aria-hidden=\"true\" class=\"e-font-icon-svg e-fas-caret-up\" viewBox=\"0 0 320 512\" xmlns=\"http:\/\/www.w3.org\/2000\/svg\"><path d=\"M288.662 352H31.338c-17.818 0-26.741-21.543-14.142-34.142l128.662-128.662c7.81-7.81 20.474-7.81 28.284 0l128.662 128.662c12.6 12.599 3.676 34.142-14.142 34.142z\"><\/path><\/svg><\/span>\n\t\t\t<span class='e-closed'><svg aria-hidden=\"true\" class=\"e-font-icon-svg e-fas-caret-right\" viewBox=\"0 0 192 512\" xmlns=\"http:\/\/www.w3.org\/2000\/svg\"><path d=\"M0 384.662V127.338c0-17.818 21.543-26.741 34.142-14.142l128.662 128.662c7.81 7.81 7.81 20.474 0 28.284L34.142 398.804C21.543 411.404 0 402.48 0 384.662z\"><\/path><\/svg><\/span>\n\t\t<\/span>\n\n\t\t\t\t\t\t<\/summary>\n\t\t\t\t<div role=\"region\" aria-labelledby=\"e-n-accordion-item-1937\" class=\"elementor-element elementor-element-86147a3 e-con-full e-flex e-con e-child\" data-id=\"86147a3\" data-element_type=\"container\" data-e-type=\"container\">\n\t\t\t\t<div class=\"elementor-element elementor-element-3155b2b elementor-widget elementor-widget-text-editor\" data-id=\"3155b2b\" data-element_type=\"widget\" data-e-type=\"widget\" data-widget_type=\"text-editor.default\">\n\t\t\t\t\t\t\t\t\t<p>Kapslingar i plast \u00e4r l\u00e4mpliga i installationer d\u00e4r<strong> l\u00e5g vikt, kemikaliebest\u00e4ndighet eller elektrisk isolering<\/strong> \u00e4r viktigt. De anv\u00e4nds ofta i mindre installationer, sensorenheter och applikationer d\u00e4r den mekaniska belastningen \u00e4r begr\u00e4nsad.<\/p>\t\t\t\t\t\t\t\t<\/div>\n\t\t\t\t<\/div>\n\t\t\t\t\t<\/details>\n\t\t\t\t\t\t<details id=\"e-n-accordion-item-1938\" class=\"e-n-accordion-item\" >\n\t\t\t\t<summary class=\"e-n-accordion-item-title\" data-accordion-index=\"9\" tabindex=\"-1\" aria-expanded=\"false\" aria-controls=\"e-n-accordion-item-1938\" >\n\t\t\t\t\t<span class='e-n-accordion-item-title-header'><h3 class=\"e-n-accordion-item-title-text\"> Vilka f\u00f6rdelar har kapslingar i aluminium? <\/h3><\/span>\n\t\t\t\t\t\t\t<span class='e-n-accordion-item-title-icon'>\n\t\t\t<span class='e-opened' ><svg aria-hidden=\"true\" class=\"e-font-icon-svg e-fas-caret-up\" viewBox=\"0 0 320 512\" xmlns=\"http:\/\/www.w3.org\/2000\/svg\"><path d=\"M288.662 352H31.338c-17.818 0-26.741-21.543-14.142-34.142l128.662-128.662c7.81-7.81 20.474-7.81 28.284 0l128.662 128.662c12.6 12.599 3.676 34.142-14.142 34.142z\"><\/path><\/svg><\/span>\n\t\t\t<span class='e-closed'><svg aria-hidden=\"true\" class=\"e-font-icon-svg e-fas-caret-right\" viewBox=\"0 0 192 512\" xmlns=\"http:\/\/www.w3.org\/2000\/svg\"><path d=\"M0 384.662V127.338c0-17.818 21.543-26.741 34.142-14.142l128.662 128.662c7.81 7.81 7.81 20.474 0 28.284L34.142 398.804C21.543 411.404 0 402.48 0 384.662z\"><\/path><\/svg><\/span>\n\t\t<\/span>\n\n\t\t\t\t\t\t<\/summary>\n\t\t\t\t<div role=\"region\" aria-labelledby=\"e-n-accordion-item-1938\" class=\"elementor-element elementor-element-3cfd708 e-con-full e-flex e-con e-child\" data-id=\"3cfd708\" data-element_type=\"container\" data-e-type=\"container\">\n\t\t\t\t<div class=\"elementor-element elementor-element-aebf579 elementor-widget elementor-widget-text-editor\" data-id=\"aebf579\" data-element_type=\"widget\" data-e-type=\"widget\" data-widget_type=\"text-editor.default\">\n\t\t\t\t\t\t\t\t\t<p>Kapslingar i aluminium kombinerar <strong>l\u00e5g vikt med god mekanisk stabilitet och effektiv v\u00e4rmeavledning<\/strong>. De anv\u00e4nds ofta i tekniska installationer d\u00e4r v\u00e4rmehantering eller EMC-egenskaper \u00e4r viktiga, exempelvis inom elektronik, styrsystem och kommunikationsutrustning.<\/p>\t\t\t\t\t\t\t\t<\/div>\n\t\t\t\t<\/div>\n\t\t\t\t\t<\/details>\n\t\t\t\t\t<\/div>\n\t\t\t\t\t<script type=\"application\/ld+json\">{\"@context\":\"https:\\\/\\\/schema.org\",\"@type\":\"FAQPage\",\"mainEntity\":[{\"@type\":\"Question\",\"name\":\"N\\u00e4r anv\\u00e4nds apparatsk\\u00e5p?\",\"acceptedAnswer\":{\"@type\":\"Answer\",\"text\":\"Apparatsk\\u00e5p anv\\u00e4nds f\\u00f6r att samla, skydda och strukturera elektriska och elektroniska komponenter i industriella installationer. De fungerar som elsk\\u00e5p eller styrsk\\u00e5p och anv\\u00e4nds i allt fr\\u00e5n enklare styrsystem till mer avancerade automations- och processl\\u00f6sningar.Ett apparatsk\\u00e5p ger skydd mot yttre p\\u00e5verkan som damm, fukt och mekanisk belastning, samtidigt som det skapar ordning f\\u00f6r kabeldragning, montage och framtida service.\"}},{\"@type\":\"Question\",\"name\":\"N\\u00e4r \\u00e4r andra kapslingsl\\u00f6sningar mer l\\u00e4mpliga?\\u200b\",\"acceptedAnswer\":{\"@type\":\"Answer\",\"text\":\"Apparatsk\\u00e5p \\u00e4r inte alltid den mest \\u00e4ndam\\u00e5lsenliga l\\u00f6sningen, s\\u00e4rskilt n\\u00e4r installationen \\u00e4r mycket begr\\u00e4nsad eller n\\u00e4r endast ett f\\u00e5tal komponenter beh\\u00f6ver kapslas.Andra kapslingsl\\u00f6sningar kan vara mer l\\u00e4mpliga n\\u00e4r:endast enstaka komponenter ska skyddasinstallationsutrymmet \\u00e4r mycket begr\\u00e4nsatkomponenterna redan \\u00e4r individuellt kapsladebehovet fr\\u00e4mst g\\u00e4ller kabelinf\\u00f6ring eller anslutningI dessa fall \\u00e4r ofta mindre kapslingar eller enklare l\\u00f6sningar ett b\\u00e4ttre val:Kapslingar i plast \\u2192Kapslingar i aluminium \\u2192\"}},{\"@type\":\"Question\",\"name\":\"N\\u00e4r ska man v\\u00e4lja apparatsk\\u00e5p i pl\\u00e5t?\",\"acceptedAnswer\":{\"@type\":\"Answer\",\"text\":\"Apparatsk\\u00e5p \\u00e4r inte alltid den mest \\u00e4ndam\\u00e5lsenliga l\\u00f6sningen, s\\u00e4rskilt n\\u00e4r installationen \\u00e4r mycket begr\\u00e4nsad eller n\\u00e4r endast ett f\\u00e5tal komponenter beh\\u00f6ver kapslas.Andra kapslingsl\\u00f6sningar kan vara mer l\\u00e4mpliga n\\u00e4r:endast enstaka komponenter ska skyddasinstallationsutrymmet \\u00e4r mycket begr\\u00e4nsatkomponenterna redan \\u00e4r individuellt kapsladebehovet fr\\u00e4mst g\\u00e4ller kabelinf\\u00f6ring eller anslutningI dessa fall \\u00e4r ofta mindre kapslingar eller enklare l\\u00f6sningar ett b\\u00e4ttre val:\\u2198 Kapslingar i plast\\u2198 Kapslingar i aluminium\"}},{\"@type\":\"Question\",\"name\":\"N\\u00e4r beh\\u00f6vs apparatsk\\u00e5p i rostfritt st\\u00e5l?\",\"acceptedAnswer\":{\"@type\":\"Answer\",\"text\":\"Apparatsk\\u00e5p \\u00e4r inte alltid den mest \\u00e4ndam\\u00e5lsenliga l\\u00f6sningen, s\\u00e4rskilt n\\u00e4r installationen \\u00e4r mycket begr\\u00e4nsad eller n\\u00e4r endast ett f\\u00e5tal komponenter beh\\u00f6ver kapslas.Andra kapslingsl\\u00f6sningar kan vara mer l\\u00e4mpliga n\\u00e4r:endast enstaka komponenter ska skyddasinstallationsutrymmet \\u00e4r mycket begr\\u00e4nsatkomponenterna redan \\u00e4r individuellt kapsladebehovet fr\\u00e4mst g\\u00e4ller kabelinf\\u00f6ring eller anslutningI dessa fall \\u00e4r ofta mindre kapslingar eller enklare l\\u00f6sningar ett b\\u00e4ttre val:\\u2198 Kapslingar i plast\\u2198 Kapslingar i aluminium\"}},{\"@type\":\"Question\",\"name\":\"N\\u00e4r \\u00e4r kapslingar i plast ett bra val?\",\"acceptedAnswer\":{\"@type\":\"Answer\",\"text\":\"Apparatsk\\u00e5p \\u00e4r inte alltid den mest \\u00e4ndam\\u00e5lsenliga l\\u00f6sningen, s\\u00e4rskilt n\\u00e4r installationen \\u00e4r mycket begr\\u00e4nsad eller n\\u00e4r endast ett f\\u00e5tal komponenter beh\\u00f6ver kapslas.Andra kapslingsl\\u00f6sningar kan vara mer l\\u00e4mpliga n\\u00e4r:endast enstaka komponenter ska skyddasinstallationsutrymmet \\u00e4r mycket begr\\u00e4nsatkomponenterna redan \\u00e4r individuellt kapsladebehovet fr\\u00e4mst g\\u00e4ller kabelinf\\u00f6ring eller anslutningI dessa fall \\u00e4r ofta mindre kapslingar eller enklare l\\u00f6sningar ett b\\u00e4ttre val:\\u2198 Kapslingar i plast\\u2198 Kapslingar i aluminium\"}},{\"@type\":\"Question\",\"name\":\"Vad \\u00e4r skillnaden mellan apparatsk\\u00e5p och kapslingar?\",\"acceptedAnswer\":{\"@type\":\"Answer\",\"text\":\"Apparatsk\\u00e5p i pl\\u00e5t anv\\u00e4nds ofta i industriella installationer d\\u00e4r h\\u00f6g mekanisk h\\u00e5llfasthet och stabil konstruktion kr\\u00e4vs. De l\\u00e4mpar sig v\\u00e4l f\\u00f6r maskiner, produktionslinjer och styrsk\\u00e5p d\\u00e4r komponenter monteras stegvis och d\\u00e4r servicev\\u00e4nlighet \\u00e4r viktigt.\"}},{\"@type\":\"Question\",\"name\":\"Hur v\\u00e4ljer jag r\\u00e4tt IP-klass?\",\"acceptedAnswer\":{\"@type\":\"Answer\",\"text\":\"Apparatsk\\u00e5p i rostfritt st\\u00e5l anv\\u00e4nds i kr\\u00e4vande milj\\u00f6er med h\\u00f6ga krav p\\u00e5 korrosionsbest\\u00e4ndighet och hygien. De \\u00e4r vanliga inom livsmedelsindustri, l\\u00e4kemedelsindustri, kemisk processindustri samt i installationer d\\u00e4r utrustning uts\\u00e4tts f\\u00f6r fukt eller reng\\u00f6ring.\"}},{\"@type\":\"Question\",\"name\":\"N\\u00e4r beh\\u00f6vs golvsk\\u00e5p ist\\u00e4llet f\\u00f6r v\\u00e4ggsk\\u00e5p?\",\"acceptedAnswer\":{\"@type\":\"Answer\",\"text\":\"Kapslingar i plast \\u00e4r l\\u00e4mpliga i installationer d\\u00e4r l\\u00e5g vikt, kemikaliebest\\u00e4ndighet eller elektrisk isolering \\u00e4r viktigt. De anv\\u00e4nds ofta i mindre installationer, sensorenheter och applikationer d\\u00e4r den mekaniska belastningen \\u00e4r begr\\u00e4nsad.\"}},{\"@type\":\"Question\",\"name\":\"Vilka f\\u00f6rdelar har kapslingar i aluminium?\",\"acceptedAnswer\":{\"@type\":\"Answer\",\"text\":\"Kapslingar i aluminium kombinerar l\\u00e5g vikt med god mekanisk stabilitet och effektiv v\\u00e4rmeavledning. De anv\\u00e4nds ofta i tekniska installationer d\\u00e4r v\\u00e4rmehantering eller EMC-egenskaper \\u00e4r viktiga, exempelvis inom elektronik, styrsystem och kommunikationsutrustning.\"}}]}<\/script>\n\t\t\t\t\t\t\t<\/div>\n\t\t\t\t<\/div>\n\t\t\t\t<\/div>\n\t\t<div class=\"elementor-element elementor-element-d57b25d e-flex e-con-boxed e-con e-parent\" data-id=\"d57b25d\" data-element_type=\"container\" data-e-type=\"container\">\n\t\t\t\t\t<div class=\"e-con-inner\">\n\t\t\t\t<div class=\"elementor-element elementor-element-69d49ed elementor-widget elementor-widget-spacer\" data-id=\"69d49ed\" data-element_type=\"widget\" data-e-type=\"widget\" data-widget_type=\"spacer.default\">\n\t\t\t\t\t\t\t<div class=\"elementor-spacer\">\n\t\t\t<div class=\"elementor-spacer-inner\"><\/div>\n\t\t<\/div>\n\t\t\t\t\t\t<\/div>\n\t\t\t\t<div class=\"elementor-element elementor-element-17d3bdd elementor-widget elementor-widget-heading\" data-id=\"17d3bdd\" data-element_type=\"widget\" data-e-type=\"widget\" data-widget_type=\"heading.default\">\n\t\t\t\t\t<h2 class=\"elementor-heading-title elementor-size-default\">Beh\u00f6ver du hj\u00e4lp att v\u00e4lja r\u00e4tt apparatsk\u00e5p eller kapsling?<\/h2>\t\t\t\t<\/div>\n\t\t\t\t<div class=\"elementor-element elementor-element-e3ef43b elementor-widget elementor-widget-spacer\" data-id=\"e3ef43b\" data-element_type=\"widget\" data-e-type=\"widget\" data-widget_type=\"spacer.default\">\n\t\t\t\t\t\t\t<div class=\"elementor-spacer\">\n\t\t\t<div class=\"elementor-spacer-inner\"><\/div>\n\t\t<\/div>\n\t\t\t\t\t\t<\/div>\n\t\t\t\t\t<\/div>\n\t\t\t\t<\/div>\n\t\t\t\t<\/div>\n\t\t","protected":false},"excerpt":{"rendered":"<p>Enclosures &amp; enclosures electrical cabinets and control cabinets for industrial installations Enclosures (electrical cabinets and control cabinets) are used to protect and organize electrical and automation equipment in industrial installations. The choice of enclosures and industrial cabinets is influenced by the environment, enclosure class, material requirements and how the equipment will be mounted and serviced. Explore our range of enclosures and enclosures Enclosures Sheet Metal Floor-standing &amp; Wall-mounted Cabinets Standard range \u2026 <a title=\"Cabinets\" class=\"read-more\" href=\"https:\/\/c-profil.se\/english\/apparatskap\/\" aria-label=\"Read more about Equipment cabinets\">Read more<\/a><\/p>","protected":false},"author":1,"featured_media":0,"parent":0,"menu_order":0,"comment_status":"closed","ping_status":"closed","template":"elementor_header_footer","meta":{"_acf_changed":false,"footnotes":""},"class_list":["post-39933","page","type-page","status-publish"],"acf":[],"yoast_head":"<!-- This site is optimized with the Yoast SEO Premium plugin v27.4 (Yoast SEO v27.4) - https:\/\/yoast.com\/product\/yoast-seo-premium-wordpress\/ -->\n<title>Apparatsk\u00e5p | Elsk\u00e5p och styrsk\u00e5p f\u00f6r industri - C-Pro<\/title>\n<meta name=\"description\" content=\"Apparatsk\u00e5p f\u00f6r industriella installationer. J\u00e4mf\u00f6r elsk\u00e5p och styrsk\u00e5p och hitta r\u00e4tt l\u00f6sning baserat p\u00e5 material, IP-klass och anv\u00e4ndning.\" \/>\n<meta name=\"robots\" content=\"index, follow, max-snippet:-1, max-image-preview:large, max-video-preview:-1\" \/>\n<link rel=\"canonical\" href=\"https:\/\/c-profil.se\/english\/cabinets\/\" \/>\n<meta property=\"og:locale\" content=\"en_US\" \/>\n<meta property=\"og:type\" content=\"article\" \/>\n<meta property=\"og:title\" content=\"Apparatsk\u00e5p | Elsk\u00e5p och styrsk\u00e5p f\u00f6r industri - C-Pro\" \/>\n<meta property=\"og:description\" content=\"Apparatsk\u00e5p f\u00f6r industriella installationer. J\u00e4mf\u00f6r elsk\u00e5p och styrsk\u00e5p och hitta r\u00e4tt l\u00f6sning baserat p\u00e5 material, IP-klass och anv\u00e4ndning.\" \/>\n<meta property=\"og:url\" content=\"https:\/\/c-profil.se\/english\/cabinets\/\" \/>\n<meta property=\"og:site_name\" content=\"C-Pro\" \/>\n<meta property=\"article:publisher\" content=\"https:\/\/www.facebook.com\/people\/C-Pro\/61561767306874\/\" \/>\n<meta property=\"article:modified_time\" content=\"2026-03-27T12:20:13+00:00\" \/>\n<meta property=\"og:image\" content=\"https:\/\/c-profil.se\/wp-content\/uploads\/2024\/08\/Apparatskap-Kapslingar-i-Plat.jpg\" \/>\n\t<meta property=\"og:image:width\" content=\"1000\" \/>\n\t<meta property=\"og:image:height\" content=\"1000\" \/>\n\t<meta property=\"og:image:type\" content=\"image\/jpeg\" \/>\n<meta name=\"twitter:card\" content=\"summary_large_image\" \/>\n<meta name=\"twitter:title\" content=\"Apparatsk\u00e5p - C-Pro\" \/>\n<meta name=\"twitter:description\" content=\"Vi har ett stort urval av Apparatsk\u00e5p &amp; Kapslingar samt Kopplingsl\u00e5dor. Ett apparatsk\u00e5p har till uppgift att styra elektriska anl\u00e4ggningar och skydda inneh\u00e5llet mot smuts och vatten. I sortimentet har vi allt fr\u00e5n sm\u00e5 kompakta kopplingsl\u00e5dor upp till stora elsk\u00e5p, styrsk\u00e5p &amp; elkapslingar i flera olika material. Vilket material du ska v\u00e4lja beror p\u00e5 var och hur din kapsling ska anv\u00e4ndas.\" \/>\n<meta name=\"twitter:label1\" content=\"Est. reading time\" \/>\n\t<meta name=\"twitter:data1\" content=\"5 minutes\" \/>\n<script type=\"application\/ld+json\" class=\"yoast-schema-graph\">{\"@context\":\"https:\\\/\\\/schema.org\",\"@graph\":[{\"@type\":\"WebPage\",\"@id\":\"https:\\\/\\\/c-profil.se\\\/apparatskap\\\/\",\"url\":\"https:\\\/\\\/c-profil.se\\\/apparatskap\\\/\",\"name\":\"Apparatsk\u00e5p | Elsk\u00e5p och styrsk\u00e5p f\u00f6r industri - C-Pro\",\"isPartOf\":{\"@id\":\"https:\\\/\\\/c-profil.se\\\/#website\"},\"primaryImageOfPage\":{\"@id\":\"https:\\\/\\\/c-profil.se\\\/apparatskap\\\/#primaryimage\"},\"image\":{\"@id\":\"https:\\\/\\\/c-profil.se\\\/apparatskap\\\/#primaryimage\"},\"thumbnailUrl\":\"https:\\\/\\\/c-profil.se\\\/wp-content\\\/uploads\\\/2024\\\/08\\\/Apparatskap-Kapslingar-i-Plat-768x768.jpg\",\"datePublished\":\"2023-11-02T14:49:17+00:00\",\"dateModified\":\"2026-03-27T12:20:13+00:00\",\"description\":\"Apparatsk\u00e5p f\u00f6r industriella installationer. J\u00e4mf\u00f6r elsk\u00e5p och styrsk\u00e5p och hitta r\u00e4tt l\u00f6sning baserat p\u00e5 material, IP-klass och anv\u00e4ndning.\",\"breadcrumb\":{\"@id\":\"https:\\\/\\\/c-profil.se\\\/apparatskap\\\/#breadcrumb\"},\"inLanguage\":\"en\",\"potentialAction\":[{\"@type\":\"ReadAction\",\"target\":[\"https:\\\/\\\/c-profil.se\\\/apparatskap\\\/\"]}]},{\"@type\":\"ImageObject\",\"inLanguage\":\"en\",\"@id\":\"https:\\\/\\\/c-profil.se\\\/apparatskap\\\/#primaryimage\",\"url\":\"https:\\\/\\\/c-profil.se\\\/wp-content\\\/uploads\\\/2024\\\/08\\\/Apparatskap-Kapslingar-i-Plat-768x768.jpg\",\"contentUrl\":\"https:\\\/\\\/c-profil.se\\\/wp-content\\\/uploads\\\/2024\\\/08\\\/Apparatskap-Kapslingar-i-Plat-768x768.jpg\"},{\"@type\":\"BreadcrumbList\",\"@id\":\"https:\\\/\\\/c-profil.se\\\/apparatskap\\\/#breadcrumb\",\"itemListElement\":[{\"@type\":\"ListItem\",\"position\":1,\"name\":\"Hem\",\"item\":\"https:\\\/\\\/c-profil.se\\\/\"},{\"@type\":\"ListItem\",\"position\":2,\"name\":\"Apparatsk\u00e5p\"}]},{\"@type\":\"WebSite\",\"@id\":\"https:\\\/\\\/c-profil.se\\\/#website\",\"url\":\"https:\\\/\\\/c-profil.se\\\/\",\"name\":\"C-Pro\",\"description\":\"Produkter f\u00f6r El och Automation\",\"publisher\":{\"@id\":\"https:\\\/\\\/c-profil.se\\\/#organization\"},\"potentialAction\":[{\"@type\":\"SearchAction\",\"target\":{\"@type\":\"EntryPoint\",\"urlTemplate\":\"https:\\\/\\\/c-profil.se\\\/?s={search_term_string}\"},\"query-input\":{\"@type\":\"PropertyValueSpecification\",\"valueRequired\":true,\"valueName\":\"search_term_string\"}}],\"inLanguage\":\"en\"},{\"@type\":\"Organization\",\"@id\":\"https:\\\/\\\/c-profil.se\\\/#organization\",\"name\":\"C-Pro\",\"alternateName\":\"C-PRO\",\"url\":\"https:\\\/\\\/c-profil.se\\\/\",\"logo\":{\"@type\":\"ImageObject\",\"inLanguage\":\"en\",\"@id\":\"https:\\\/\\\/c-profil.se\\\/#\\\/schema\\\/logo\\\/image\\\/\",\"url\":\"https:\\\/\\\/c-profil.se\\\/wp-content\\\/uploads\\\/2022\\\/03\\\/c-pro-logga-liggande-500x500-1.png\",\"contentUrl\":\"https:\\\/\\\/c-profil.se\\\/wp-content\\\/uploads\\\/2022\\\/03\\\/c-pro-logga-liggande-500x500-1.png\",\"width\":500,\"height\":500,\"caption\":\"C-Pro\"},\"image\":{\"@id\":\"https:\\\/\\\/c-profil.se\\\/#\\\/schema\\\/logo\\\/image\\\/\"},\"sameAs\":[\"https:\\\/\\\/www.facebook.com\\\/people\\\/C-Pro\\\/61561767306874\\\/\",\"https:\\\/\\\/www.linkedin.com\\\/company\\\/c-pro-ab\",\"https:\\\/\\\/www.instagram.com\\\/cpro.ab\\\/\"],\"description\":\"C-PRO AB \u00e4r en helt\u00e4ckande leverant\u00f6r av material f\u00f6r applikationer inom el och automation. \u00c4nda sedan starten 1987 har vi f\u00f6rsett den svenska tillverkande industrin med elmaterial. Trots v\u00e5r storlek och ledande position har vi aldrig \u00f6vergett v\u00e5r grundfilosofi, att vara en personlig leverant\u00f6r. Vi p\u00e5 C-PRO \u00e4r l\u00e4tta att komma i kontakt med, \u00e4rliga och brinner f\u00f6r att l\u00f6sa v\u00e5ra kunders problem.\",\"email\":\"info@c-profil.se\",\"telephone\":\"031575785\",\"legalName\":\"C-Profil F\u00f6rl\u00e4ggningsmaterial AB\",\"foundingDate\":\"1987-01-01\"}]}<\/script>\n<!-- \/ Yoast SEO Premium plugin. -->","yoast_head_json":{"title":"Cabinets | Electrical cabinets for industry - C-Pro","description":"Equipment cabinets for industrial installations. Compare electrical cabinets and control cabinets and find the right solution based on material, IP class and use.","robots":{"index":"index","follow":"follow","max-snippet":"max-snippet:-1","max-image-preview":"max-image-preview:large","max-video-preview":"max-video-preview:-1"},"canonical":"https:\/\/c-profil.se\/english\/cabinets\/","og_locale":"en_US","og_type":"article","og_title":"Apparatsk\u00e5p | Elsk\u00e5p och styrsk\u00e5p f\u00f6r industri - C-Pro","og_description":"Apparatsk\u00e5p f\u00f6r industriella installationer. J\u00e4mf\u00f6r elsk\u00e5p och styrsk\u00e5p och hitta r\u00e4tt l\u00f6sning baserat p\u00e5 material, IP-klass och anv\u00e4ndning.","og_url":"https:\/\/c-profil.se\/english\/cabinets\/","og_site_name":"C-Pro","article_publisher":"https:\/\/www.facebook.com\/people\/C-Pro\/61561767306874\/","article_modified_time":"2026-03-27T12:20:13+00:00","og_image":[{"width":1000,"height":1000,"url":"https:\/\/c-profil.se\/wp-content\/uploads\/2024\/08\/Apparatskap-Kapslingar-i-Plat.jpg","type":"image\/jpeg"}],"twitter_card":"summary_large_image","twitter_title":"Apparatsk\u00e5p - C-Pro","twitter_description":"Vi har ett stort urval av Apparatsk\u00e5p & Kapslingar samt Kopplingsl\u00e5dor. Ett apparatsk\u00e5p har till uppgift att styra elektriska anl\u00e4ggningar och skydda inneh\u00e5llet mot smuts och vatten. I sortimentet har vi allt fr\u00e5n sm\u00e5 kompakta kopplingsl\u00e5dor upp till stora elsk\u00e5p, styrsk\u00e5p & elkapslingar i flera olika material. Vilket material du ska v\u00e4lja beror p\u00e5 var och hur din kapsling ska anv\u00e4ndas.","twitter_misc":{"Est. reading time":"5 minutes"},"schema":{"@context":"https:\/\/schema.org","@graph":[{"@type":"WebPage","@id":"https:\/\/c-profil.se\/apparatskap\/","url":"https:\/\/c-profil.se\/apparatskap\/","name":"Cabinets | Electrical cabinets for industry - C-Pro","isPartOf":{"@id":"https:\/\/c-profil.se\/#website"},"primaryImageOfPage":{"@id":"https:\/\/c-profil.se\/apparatskap\/#primaryimage"},"image":{"@id":"https:\/\/c-profil.se\/apparatskap\/#primaryimage"},"thumbnailUrl":"https:\/\/c-profil.se\/wp-content\/uploads\/2024\/08\/Apparatskap-Kapslingar-i-Plat-768x768.jpg","datePublished":"2023-11-02T14:49:17+00:00","dateModified":"2026-03-27T12:20:13+00:00","description":"Equipment cabinets for industrial installations. Compare electrical cabinets and control cabinets and find the right solution based on material, IP class and use.","breadcrumb":{"@id":"https:\/\/c-profil.se\/apparatskap\/#breadcrumb"},"inLanguage":"en","potentialAction":[{"@type":"ReadAction","target":["https:\/\/c-profil.se\/apparatskap\/"]}]},{"@type":"ImageObject","inLanguage":"en","@id":"https:\/\/c-profil.se\/apparatskap\/#primaryimage","url":"https:\/\/c-profil.se\/wp-content\/uploads\/2024\/08\/Apparatskap-Kapslingar-i-Plat-768x768.jpg","contentUrl":"https:\/\/c-profil.se\/wp-content\/uploads\/2024\/08\/Apparatskap-Kapslingar-i-Plat-768x768.jpg"},{"@type":"BreadcrumbList","@id":"https:\/\/c-profil.se\/apparatskap\/#breadcrumb","itemListElement":[{"@type":"ListItem","position":1,"name":"Hem","item":"https:\/\/c-profil.se\/"},{"@type":"ListItem","position":2,"name":"Apparatsk\u00e5p"}]},{"@type":"WebSite","@id":"https:\/\/c-profil.se\/#website","url":"https:\/\/c-profil.se\/","name":"C-Pro","description":"Products for Electricity and Automation","publisher":{"@id":"https:\/\/c-profil.se\/#organization"},"potentialAction":[{"@type":"SearchAction","target":{"@type":"EntryPoint","urlTemplate":"https:\/\/c-profil.se\/?s={search_term_string}"},"query-input":{"@type":"PropertyValueSpecification","valueRequired":true,"valueName":"search_term_string"}}],"inLanguage":"en"},{"@type":"Organization","@id":"https:\/\/c-profil.se\/#organization","name":"C-Pro","alternateName":"C-PRO","url":"https:\/\/c-profil.se\/","logo":{"@type":"ImageObject","inLanguage":"en","@id":"https:\/\/c-profil.se\/#\/schema\/logo\/image\/","url":"https:\/\/c-profil.se\/wp-content\/uploads\/2022\/03\/c-pro-logga-liggande-500x500-1.png","contentUrl":"https:\/\/c-profil.se\/wp-content\/uploads\/2022\/03\/c-pro-logga-liggande-500x500-1.png","width":500,"height":500,"caption":"C-Pro"},"image":{"@id":"https:\/\/c-profil.se\/#\/schema\/logo\/image\/"},"sameAs":["https:\/\/www.facebook.com\/people\/C-Pro\/61561767306874\/","https:\/\/www.linkedin.com\/company\/c-pro-ab","https:\/\/www.instagram.com\/cpro.ab\/"],"description":"C-PRO AB is a comprehensive supplier of materials for applications in electricity and automation. Ever since the start in 1987, we have supplied the Swedish manufacturing industry with electrical materials. Despite our size and leading position, we have never abandoned our basic philosophy, to be a personal supplier. We at C-PRO are easy to get in touch with, honest and passionate about solving our customers&#039; problems.","email":"info@c-profil.se","telephone":"031575785","legalName":"C-Profil F\u00f6rl\u00e4ggningsmaterial AB","foundingDate":"1987-01-01"}]}},"_links":{"self":[{"href":"https:\/\/c-profil.se\/english\/wp-json\/wp\/v2\/pages\/39933","targetHints":{"allow":["GET"]}}],"collection":[{"href":"https:\/\/c-profil.se\/english\/wp-json\/wp\/v2\/pages"}],"about":[{"href":"https:\/\/c-profil.se\/english\/wp-json\/wp\/v2\/types\/page"}],"author":[{"embeddable":true,"href":"https:\/\/c-profil.se\/english\/wp-json\/wp\/v2\/users\/1"}],"replies":[{"embeddable":true,"href":"https:\/\/c-profil.se\/english\/wp-json\/wp\/v2\/comments?post=39933"}],"version-history":[{"count":199,"href":"https:\/\/c-profil.se\/english\/wp-json\/wp\/v2\/pages\/39933\/revisions"}],"predecessor-version":[{"id":74770,"href":"https:\/\/c-profil.se\/english\/wp-json\/wp\/v2\/pages\/39933\/revisions\/74770"}],"wp:attachment":[{"href":"https:\/\/c-profil.se\/english\/wp-json\/wp\/v2\/media?parent=39933"}],"curies":[{"name":"wp","href":"https:\/\/api.w.org\/{rel}","templated":true}]}}